



{"id":362,"date":"2015-04-19T19:32:18","date_gmt":"2015-04-19T19:32:18","guid":{"rendered":"http:\/\/xn--80aaxusgfg.com\/?page_id=362"},"modified":"2024-05-28T13:28:09","modified_gmt":"2024-05-28T11:28:09","slug":"332-2","status":"publish","type":"page","link":"https:\/\/xn--80aaxusgfg.com\/?page_id=362","title":{"rendered":"\u0414\u0440\u0443\u0433\u043e\u0435"},"content":{"rendered":"\n<p><strong>MIASTO \u0141\u00d3D\u0179<\/strong><\/p>\n\n\n\n<div class=\"wp-block-media-text alignwide is-stacked-on-mobile\"><figure class=\"wp-block-media-text__media\"><img decoding=\"async\" src=\"https:\/\/www.faustyna.pl\/zmbm\/wp-content\/uploads\/2021\/06\/Patronka-Miasta-Lodzi.jpg\" alt=\"\" class=\"wp-image-21091 size-full\" \/><\/figure><div class=\"wp-block-media-text__content\">\n<p>Ojciec \u015awi\u0119ty Benedykt XVI przychylaj\u0105c si\u0119 do pro\u015bby W\u0142adz Miasta i abp. W\u0142adys\u0142awa Zi\u00f3\u0142ka pasterza \u0142\u00f3dzkiego Ko\u015bcio\u0142a, bull\u0105 z 2005 roku ustanowi\u0142 \u015bw. Siostr\u0119 Faustyn\u0119 patronk\u0105 miasta \u0141odzi.<\/p>\n<\/div><\/div>\n\n\n\n<p><strong>MSZALNICA<\/strong><\/p>\n\n\n\n<div class=\"wp-block-media-text alignwide is-stacked-on-mobile\"><figure class=\"wp-block-media-text__media\"><img decoding=\"async\" src=\"https:\/\/www.faustyna.pl\/zmbm\/wp-content\/uploads\/2021\/06\/Mszalnica.jpg\" alt=\"\" class=\"wp-image-21104 size-full\" \/><\/figure><div class=\"wp-block-media-text__content\">\n<p>W Jubileuszowym Roku Mi\u0142osierdzia, a zarazem w roku 650-lecia lokacji wsi Mszalnica i 75-lecia utworzenia OSP mieszka\u0144cy Mszalnicy, po konsultacjach z bp. A. Je\u017cem, na zebraniu 3 kwietnia 2016 roku, jednog\u0142o\u015bnie przyj\u0119li uchwa\u0142\u0119 o wybraniu \u015bw. Faustyny na swoj\u0105 Patronk\u0119.<\/p>\n<\/div><\/div>\n\n\n\n<p><strong>ZIEMIA \u015aWINICKA<\/strong><\/p>\n\n\n\n<div class=\"wp-block-media-text alignwide is-stacked-on-mobile\"><figure class=\"wp-block-media-text__media\"><img decoding=\"async\" src=\"https:\/\/www.faustyna.pl\/zmbm\/wp-content\/uploads\/2021\/06\/Ziemia-Swiniecka.jpg\" alt=\"\" class=\"wp-image-21092 size-full\" \/><\/figure><div class=\"wp-block-media-text__content\">\n<p>Stolica Apostolska, przychylaj\u0105c si\u0119 do wniosku Rady Gminy \u015awinice Warckie, w 2007 roku zatwierdzi\u0142a wyb\u00f3r \u015bw. Siostry Faustyny na Patronk\u0119 Ziemi \u015awinieckiej.<\/p>\n<\/div><\/div>\n\n\n\n<p><strong>BE\u0141CHAT\u00d3W<br>Stowarzyszenie im. \u015bw. Faustyny<\/strong><\/p>\n\n\n\n<div class=\"wp-block-media-text alignwide is-stacked-on-mobile\"><figure class=\"wp-block-media-text__media\"><img decoding=\"async\" src=\"https:\/\/www.faustyna.pl\/zmbm\/wp-content\/uploads\/2021\/06\/Belchatow-stowarzyszenie.jpg\" alt=\"\" class=\"wp-image-21093 size-full\" \/><\/figure><div class=\"wp-block-media-text__content\">\n<p>ul. Na\u0142kowskiej 2<br>97-400 Be\u0142chat\u00f3w<\/p>\n<\/div><\/div>\n\n\n\n<p><strong>BIA\u0141OBRZEGI<br>O\u015brodek Duszpasterski pw. \u015bw. Siostry Faustyny<\/strong><\/p>\n\n\n\n<div class=\"wp-block-media-text alignwide is-stacked-on-mobile\"><figure class=\"wp-block-media-text__media\"><img decoding=\"async\" src=\"https:\/\/www.faustyna.pl\/zmbm\/wp-content\/uploads\/2021\/06\/Parafia_Kolnica.2.jpg\" alt=\"\" class=\"wp-image-21094 size-full\" \/><\/figure><div class=\"wp-block-media-text__content\">\n<p>Parafia pw. \u015bw. Maksymiliana Marii Kolbe<br>Kolnica<br>16-311 Bia\u0142obrzegi<br>tel.: (0-87) 644 91 02<br>woj. podlaskie<br>diecezja: e\u0142cka<\/p>\n<\/div><\/div>\n\n\n\n<p><strong>DEUTSCHLAND<br>Forum Misericordia<\/strong><\/p>\n\n\n\n<div class=\"wp-block-media-text is-stacked-on-mobile\"><figure class=\"wp-block-media-text__media\"><img loading=\"lazy\" decoding=\"async\" width=\"1024\" height=\"610\" src=\"https:\/\/xn--80aaxusgfg.com\/wp-content\/uploads\/sites\/6\/2024\/05\/Forum_Milosierdzie_Deutschland.jpg\" alt=\"\" class=\"wp-image-12469 size-full\" srcset=\"https:\/\/xn--80aaxusgfg.com\/wp-content\/uploads\/sites\/6\/2024\/05\/Forum_Milosierdzie_Deutschland.jpg 1024w, https:\/\/xn--80aaxusgfg.com\/wp-content\/uploads\/sites\/6\/2024\/05\/Forum_Milosierdzie_Deutschland-560x334.jpg 560w, https:\/\/xn--80aaxusgfg.com\/wp-content\/uploads\/sites\/6\/2024\/05\/Forum_Milosierdzie_Deutschland-140x83.jpg 140w, https:\/\/xn--80aaxusgfg.com\/wp-content\/uploads\/sites\/6\/2024\/05\/Forum_Milosierdzie_Deutschland-768x458.jpg 768w\" sizes=\"auto, (max-width: 1024px) 100vw, 1024px\" \/><\/figure><div class=\"wp-block-media-text__content\">\n<p>33104 Paderborn<br>B\u00fccklerweg 36<br>Deutschland<\/p>\n\n\n\n<p>Tel.: 05252-9359985<br>E-mail: info@ochsenfarth-restaurierungen.de<\/p>\n<\/div><\/div>\n\n\n\n<p><strong>DOMASZK\u00d3W<br>Stowarzyszenie Centrum Charytatywne<br>im. \u015bw. Faustyny Kowalskiej<\/strong><\/p>\n\n\n\n<div class=\"wp-block-media-text alignwide is-stacked-on-mobile\"><figure class=\"wp-block-media-text__media\"><img decoding=\"async\" src=\"https:\/\/www.faustyna.pl\/zmbm\/wp-content\/uploads\/2021\/06\/Damaszkow-Stowarzyszenie-Charytatywne-im.-sw-Faustyny.jpg\" alt=\"\" class=\"wp-image-21095 size-full\" \/><\/figure><div class=\"wp-block-media-text__content\">\n<p>ul. Mi\u0119dzyleska 18<br>57-522 Domaszk\u00f3w<\/p>\n<\/div><\/div>\n\n\n\n<p><strong>G\u0141OGOWIEC<br>Dom Rodzinny im. \u015bw. Siostry Faustyny Kowalskiej<\/strong><\/p>\n\n\n\n<div class=\"wp-block-media-text alignwide is-stacked-on-mobile\"><figure class=\"wp-block-media-text__media\"><img decoding=\"async\" src=\"https:\/\/www.faustyna.pl\/zmbm\/wp-content\/uploads\/2021\/06\/Glogowiec.jpg\" alt=\"\" class=\"wp-image-21096 size-full\" \/><\/figure><div class=\"wp-block-media-text__content\">\n<p>G\u0142ogowiec 11<br>99-140 \u015awinice Warckie<br>par. \u015aw. Kazimierza<br>ul. \u015aw. Siostry Faustyny 3<br>tel.: (0 63) 288 12 07<br>diecezja w\u0142oc\u0142awska<\/p>\n<\/div><\/div>\n\n\n\n<p><strong>KLEMENTOWICE<br>K\u00f3\u0142ko R\u00f3\u017ca\u0144cowe nr 2 \u015bw. Siostry Faustyny Kowalskiej<\/strong><\/p>\n\n\n\n<div class=\"wp-block-media-text alignwide is-stacked-on-mobile\"><figure class=\"wp-block-media-text__media\"><img decoding=\"async\" src=\"https:\/\/www.faustyna.pl\/zmbm\/wp-content\/uploads\/2021\/06\/Klementowice-Kolko-sw.-Siostry-Faustyny.jpg\" alt=\"\" class=\"wp-image-21097 size-full\" \/><\/figure><div class=\"wp-block-media-text__content\">\n<p>Parafia \u015bw. Klemensa i \u015bw. Ma\u0142gorzaty<br>Klementowice 238<br>poczta: 24-170 Kur\u00f3w<br>tel.: (0-81) 882 31 01<br>dekanat: kazimierski<br>archidiecezja: lubelska<\/p>\n<\/div><\/div>\n\n\n\n<p><strong>KRAK\u00d3W-\u0141AGIEWNIKI<br>Stowarzyszenie Aposto\u0142\u00f3w Bo\u017cego Mi\u0142osierdzia \u201eFaustinum\u201d<\/strong><\/p>\n\n\n\n<div class=\"wp-block-media-text alignwide is-stacked-on-mobile\"><figure class=\"wp-block-media-text__media\"><img decoding=\"async\" src=\"https:\/\/www.faustyna.pl\/zmbm\/wp-content\/uploads\/2021\/06\/Faustinum-obiekt.jpg\" alt=\"\" class=\"wp-image-21106 size-full\" \/><\/figure><div class=\"wp-block-media-text__content\">\n<p>ul. Siostry Faustyny 3<br>30-420 Krak\u00f3w<br>tel.: (0-12) 269 48 55<br>e-mail: faustinum@faustyna.pl<br>dekanat: Borek Fa\u0142\u0119cki<br>archidiecezja: Krak\u00f3w<\/p>\n<\/div><\/div>\n\n\n\n<p>L<strong>EGNICA<br>Stowarzyszenie od serca \u201eFaustynka\u201d<\/strong><\/p>\n\n\n\n<div class=\"wp-block-media-text alignwide is-stacked-on-mobile\"><figure class=\"wp-block-media-text__media\"><img loading=\"lazy\" decoding=\"async\" width=\"1024\" height=\"609\" src=\"https:\/\/xn--80aaxusgfg.com\/wp-content\/uploads\/sites\/6\/2021\/09\/Stowarzyszenie-Faustynka.jpg\" alt=\"\" class=\"wp-image-8961 size-full\" srcset=\"https:\/\/xn--80aaxusgfg.com\/wp-content\/uploads\/sites\/6\/2021\/09\/Stowarzyszenie-Faustynka.jpg 1024w, https:\/\/xn--80aaxusgfg.com\/wp-content\/uploads\/sites\/6\/2021\/09\/Stowarzyszenie-Faustynka-560x333.jpg 560w, https:\/\/xn--80aaxusgfg.com\/wp-content\/uploads\/sites\/6\/2021\/09\/Stowarzyszenie-Faustynka-140x83.jpg 140w, https:\/\/xn--80aaxusgfg.com\/wp-content\/uploads\/sites\/6\/2021\/09\/Stowarzyszenie-Faustynka-768x457.jpg 768w\" sizes=\"auto, (max-width: 1024px) 100vw, 1024px\" \/><\/figure><div class=\"wp-block-media-text__content\">\n<p>ul. Gwiezdna 35a\/ 3<br>59-220 Legnica<br>tel.: 78-194-26-23<br>e-mail; faustyna1487@gmail.com<\/p>\n<\/div><\/div>\n\n\n\n<p><strong>P\u0141OCK<br>Muzeum im. \u015bw. Faustyny<\/strong><\/p>\n\n\n\n<div class=\"wp-block-media-text alignwide is-stacked-on-mobile\"><figure class=\"wp-block-media-text__media\"><img decoding=\"async\" src=\"https:\/\/www.faustyna.pl\/zmbm\/wp-content\/uploads\/2021\/06\/Plock-muzeum.jpg\" alt=\"\" class=\"wp-image-21107 size-full\" \/><\/figure><div class=\"wp-block-media-text__content\">\n<p>Pl. Stary Rynek 14\/18<br>09-404 P\u0141OCK<br>tel.: (0-24) 262 58 83<br>e-mail: zmbm.plock@faustyna.pl<\/p>\n<\/div><\/div>\n\n\n\n<p><strong>P\u0141O\u0143SK<br>Dom Parafialny im. \u015bw. Siostry Faustyny<\/strong><\/p>\n\n\n\n<div class=\"wp-block-media-text alignwide is-stacked-on-mobile\"><figure class=\"wp-block-media-text__media\"><img decoding=\"async\" src=\"https:\/\/www.faustyna.pl\/zmbm\/wp-content\/uploads\/2021\/06\/Plonsk-Dom-Parafialny-im.-sw-Faustyny-Kowalskiej.jpg\" alt=\"\" class=\"wp-image-21098 size-full\" \/><\/figure><div class=\"wp-block-media-text__content\">\n<p>Parafia \u015bw. Maksymiliana Kolbe<br>ul. ks. Romualda Jaworskiego 1<br>09-100 P\u0142o\u0144sk<br>tel.: (0-23) 662 33 66<br>dekanat: p\u0142o\u0144ski<br>diecezja: p\u0142ocka<\/p>\n<\/div><\/div>\n\n\n\n<p><strong>S\u0118DZISZ\u00d3W MA\u0141OPOLSKI<br>Katolickie Stowarzyszenie \u201ePro Misericordia\u201d<br>im. \u015bw. Siostry Faustyny<\/strong><\/p>\n\n\n\n<div class=\"wp-block-media-text alignwide is-stacked-on-mobile\"><figure class=\"wp-block-media-text__media\"><img decoding=\"async\" src=\"https:\/\/www.faustyna.pl\/zmbm\/wp-content\/uploads\/2021\/06\/Sedziszow-stowarzyszenie.jpg\" alt=\"\" class=\"wp-image-21099 size-full\" \/><\/figure><div class=\"wp-block-media-text__content\">\n<p>ul. Jana Paw\u0142a II 27<br>39-120 S\u0119dzisz\u00f3w Ma\u0142opolski<br>Gmina: S\u0119dzisz\u00f3w Ma\u0142opolski<br>e-mail: promisericordia@gmail.com<\/p>\n<\/div><\/div>\n\n\n\n<p><strong>SKAWINA<br>Chrze\u015bcija\u0144ski O\u015brodek Kultury im. \u015aw. Siostry Faustyny<\/strong><\/p>\n\n\n\n<div class=\"wp-block-media-text alignwide is-stacked-on-mobile\"><figure class=\"wp-block-media-text__media\"><img decoding=\"async\" src=\"https:\/\/www.faustyna.pl\/zmbm\/wp-content\/uploads\/2021\/06\/Skawina-CHOK.jpg\" alt=\"\" class=\"wp-image-21100 size-full\" \/><\/figure><div class=\"wp-block-media-text__content\">\n<p>Parafia Mi\u0142osierdzia Bo\u017cego<br>ul. M. Curie-Sk\u0142odowskiej 12<br>32-050 Skawina<br>e-mail: chok.skawina@poczta.fm<br>www.milosierdzie.skawina.pl<\/p>\n<\/div><\/div>\n\n\n\n<p><strong>SOPOT<br>Fundacja Szcz\u0119\u015bliwa Rodzina<br>im. \u015bw. Siostry Faustyny Kowalskiej<\/strong><\/p>\n\n\n\n<div class=\"wp-block-media-text alignwide is-stacked-on-mobile\"><figure class=\"wp-block-media-text__media\"><img decoding=\"async\" src=\"https:\/\/www.faustyna.pl\/zmbm\/wp-content\/uploads\/2021\/06\/Frauke-Riether-z-Pixabay.jpg\" alt=\"\" class=\"wp-image-21111 size-full\" \/><\/figure><div class=\"wp-block-media-text__content\">\n<p>ul. Ba\u0142tycka 6\/2<br>81-707 Sopot<br>woj. Pomorskie<br>tel.: (0-58) 550 00 72<\/p>\n<\/div><\/div>\n\n\n\n<p><strong>GRODZISK WIELKOPOLSKI<br>\u201eFaustynki\u201d Grupa muzyczno \u2013 modlitewna \u015bw. Faustyny<\/strong><\/p>\n\n\n\n<div class=\"wp-block-media-text alignwide is-stacked-on-mobile\"><figure class=\"wp-block-media-text__media\"><img decoding=\"async\" src=\"https:\/\/www.faustyna.pl\/zmbm\/wp-content\/uploads\/2021\/06\/Grodzisk-WLKP-Faustynki-Grupa-muzyczno-modlitewna-.jpg\" alt=\"\" class=\"wp-image-21102 size-full\" \/><\/figure><div class=\"wp-block-media-text__content\">\n<p>Parafia Rzymskokatolicka pw. \u015bw. Faustyny<br>os. Wojska Polskiego 108<br>62-065 Grodzisk Wielkopolski<br>tel.: (0-61) 444 02 44<br>archidiecezja pozna\u0144ska<\/p>\n<\/div><\/div>\n\n\n\n<p><strong>WIELICZKA<br>Plac\u00f3wka wsparcia dziennego dla dzieci<br>im. \u015bw. Siostry Faustyny<\/strong><\/p>\n\n\n\n<div class=\"wp-block-media-text alignwide is-stacked-on-mobile\"><figure class=\"wp-block-media-text__media\"><img decoding=\"async\" src=\"https:\/\/www.faustyna.pl\/zmbm\/wp-content\/uploads\/2021\/06\/Wieliczka-1.jpg\" alt=\"\" class=\"wp-image-21109 size-full\" \/><\/figure><div class=\"wp-block-media-text__content\">\n<p>ul. Brata Alojzego Kosiby 31<br>32-020 Wieliczka<\/p>\n<\/div><\/div>\n","protected":false},"excerpt":{"rendered":"<p>MIASTO \u0141\u00d3D\u0179 Ojciec \u015awi\u0119ty Benedykt XVI przychylaj\u0105c si\u0119 do pro\u015bby W\u0142adz Miasta i abp. W\u0142adys\u0142awa Zi\u00f3\u0142ka pasterza \u0142\u00f3dzkiego Ko\u015bcio\u0142a, bull\u0105 z 2005 roku ustanowi\u0142 \u015bw. Siostr\u0119 Faustyn\u0119 patronk\u0105 miasta \u0141odzi. MSZALNICA W Jubileuszowym Roku Mi\u0142osierdzia, a zarazem w roku 650-lecia lokacji wsi Mszalnica i 75-lecia utworzenia OSP mieszka\u0144cy Mszalnicy, po konsultacjach z bp. A. Je\u017cem, [&hellip;]<\/p>\n","protected":false},"author":1,"featured_media":0,"parent":0,"menu_order":0,"comment_status":"closed","ping_status":"closed","template":"","meta":{"footnotes":""},"categories":[34],"tags":[],"class_list":["post-362","page","type-page","status-publish","hentry","category-34"],"_links":{"self":[{"href":"https:\/\/xn--80aaxusgfg.com\/index.php?rest_route=\/wp\/v2\/pages\/362","targetHints":{"allow":["GET"]}}],"collection":[{"href":"https:\/\/xn--80aaxusgfg.com\/index.php?rest_route=\/wp\/v2\/pages"}],"about":[{"href":"https:\/\/xn--80aaxusgfg.com\/index.php?rest_route=\/wp\/v2\/types\/page"}],"author":[{"embeddable":true,"href":"https:\/\/xn--80aaxusgfg.com\/index.php?rest_route=\/wp\/v2\/users\/1"}],"replies":[{"embeddable":true,"href":"https:\/\/xn--80aaxusgfg.com\/index.php?rest_route=%2Fwp%2Fv2%2Fcomments&post=362"}],"version-history":[{"count":13,"href":"https:\/\/xn--80aaxusgfg.com\/index.php?rest_route=\/wp\/v2\/pages\/362\/revisions"}],"predecessor-version":[{"id":12470,"href":"https:\/\/xn--80aaxusgfg.com\/index.php?rest_route=\/wp\/v2\/pages\/362\/revisions\/12470"}],"wp:attachment":[{"href":"https:\/\/xn--80aaxusgfg.com\/index.php?rest_route=%2Fwp%2Fv2%2Fmedia&parent=362"}],"wp:term":[{"taxonomy":"category","embeddable":true,"href":"https:\/\/xn--80aaxusgfg.com\/index.php?rest_route=%2Fwp%2Fv2%2Fcategories&post=362"},{"taxonomy":"post_tag","embeddable":true,"href":"https:\/\/xn--80aaxusgfg.com\/index.php?rest_route=%2Fwp%2Fv2%2Ftags&post=362"}],"curies":[{"name":"wp","href":"https:\/\/api.w.org\/{rel}","templated":true}]}}