



{"id":352,"date":"2015-04-19T19:29:40","date_gmt":"2015-04-19T19:29:40","guid":{"rendered":"http:\/\/xn--80aaxusgfg.com\/?page_id=352"},"modified":"2025-11-17T08:24:52","modified_gmt":"2025-11-17T07:24:52","slug":"331-2","status":"publish","type":"page","link":"https:\/\/xn--80aaxusgfg.com\/?page_id=352","title":{"rendered":"\u0412 \u041f\u043e\u043b\u044c\u0448\u0435"},"content":{"rendered":"\n<p><strong>SANKTUARIUM URODZIN I CHRZTU \u015aW. FAUSTYNY<\/strong><br><strong>\u015aWINICE WARCKIE<\/strong><\/p>\n\n\n\n<div class=\"wp-block-media-text alignwide is-stacked-on-mobile\"><figure class=\"wp-block-media-text__media\"><img decoding=\"async\" src=\"https:\/\/www.faustyna.pl\/zmbm\/wp-content\/uploads\/2021\/06\/Sanktuarium-w-Swinicach-Warckich.jpg\" alt=\"\" class=\"wp-image-20931 size-full\" \/><\/figure><div class=\"wp-block-media-text__content\">\n<p>Rzymsko \u2013 Katolicka Parafia<br>pw. \u015bw. Kazimierza w \u015awinicach Warckich<br>ul. \u015aw. Siostry Faustyny 3<br>99-140 \u015awinice Warckie<br>tel. (0-63) 288 12 07<br>diecezja w\u0142oc\u0142awska<\/p>\n<\/div><\/div>\n\n\n\n<p><strong>SANKTUARIUM \u015aWI\u0118TEJ SIOSTRY FAUSTYNY<br>WARSZAWA<\/strong><\/p>\n\n\n\n<div class=\"wp-block-media-text alignwide is-stacked-on-mobile\"><figure class=\"wp-block-media-text__media\"><img decoding=\"async\" src=\"https:\/\/www.faustyna.pl\/zmbm\/wp-content\/uploads\/2021\/06\/Warszawa-Sanktuarium-SF.jpg\" alt=\"\" class=\"wp-image-20976 size-full\" \/><\/figure><div class=\"wp-block-media-text__content\">\n<p>ul. \u017bytnia 1<br>01-014 Warszawa<br>woj.: mazowieckie<br>tel.: (0-22) 636 99 92<br>dekanat: Warszawa \u2013 Muran\u00f3w<br>diecezja: warszawska<\/p>\n<\/div><\/div>\n\n\n\n<p><strong>SANKTUARIUM \u015aW. SIOSTRY FAUSTYNY<br>KIEKRZ<\/strong><\/p>\n\n\n\n<div class=\"wp-block-media-text alignwide is-stacked-on-mobile\"><figure class=\"wp-block-media-text__media\"><img decoding=\"async\" src=\"https:\/\/www.faustyna.pl\/zmbm\/wp-content\/uploads\/2021\/06\/Kiekrz-Sanktuarium-sw-Faustyny.jpg\" alt=\"\" class=\"wp-image-20932 size-full\" \/><\/figure><div class=\"wp-block-media-text__content\">\n<p>ul. Kierska 10<br>62-090 Rokietnica \u2013 Kiekrz<br>tel.: 510 667 337<\/p>\n<\/div><\/div>\n\n\n\n<p><strong>OSTR\u00d3WEK<br>Sanktuarium \u015bw. Faustyny<\/strong><\/p>\n\n\n\n<p><\/p>\n\n\n\n<div class=\"wp-block-media-text is-stacked-on-mobile\"><figure class=\"wp-block-media-text__media\"><img loading=\"lazy\" decoding=\"async\" width=\"1024\" height=\"610\" src=\"https:\/\/xn--80aaxusgfg.com\/wp-content\/uploads\/sites\/6\/2025\/11\/Ostrowek_Sanktuarium_SF.jpg\" alt=\"\" class=\"wp-image-13469 size-full\" srcset=\"https:\/\/xn--80aaxusgfg.com\/wp-content\/uploads\/sites\/6\/2025\/11\/Ostrowek_Sanktuarium_SF.jpg 1024w, https:\/\/xn--80aaxusgfg.com\/wp-content\/uploads\/sites\/6\/2025\/11\/Ostrowek_Sanktuarium_SF-560x334.jpg 560w, https:\/\/xn--80aaxusgfg.com\/wp-content\/uploads\/sites\/6\/2025\/11\/Ostrowek_Sanktuarium_SF-140x83.jpg 140w, https:\/\/xn--80aaxusgfg.com\/wp-content\/uploads\/sites\/6\/2025\/11\/Ostrowek_Sanktuarium_SF-768x458.jpg 768w\" sizes=\"auto, (max-width: 1024px) 100vw, 1024px\" \/><\/figure><div class=\"wp-block-media-text__content\">\n<p>ul. \u015bw. Faustyny 5<br>05-206 Ostr\u00f3wek<br>tel. 29 777 04 92<br>kom. 730 153 707<br>e-mail: s.faustyna.ostrowek@gmail.com<\/p>\n\n\n\n<p><\/p>\n<\/div><\/div>\n\n\n\n<p><strong>AUGUST\u00d3W<br>Ko\u015bci\u00f3\u0142 \u015bw. Siostry Faustyny Kowalskiej<\/strong><\/p>\n\n\n\n<div class=\"wp-block-media-text alignwide is-stacked-on-mobile\"><figure class=\"wp-block-media-text__media\"><img decoding=\"async\" src=\"https:\/\/www.faustyna.pl\/zmbm\/wp-content\/uploads\/2021\/06\/Augustow-kosciol-sw.-Faustyny.jpg\" alt=\"\" class=\"wp-image-20933 size-full\" \/><\/figure><div class=\"wp-block-media-text__content\">\n<p>Bia\u0142obrzegi 73a<br>16-300 August\u00f3w<\/p>\n<\/div><\/div>\n\n\n\n<p><strong>B\u0118DZIN<br>\u015awi\u0119tej Faustyny Kowalskiej<\/strong><\/p>\n\n\n\n<div class=\"wp-block-media-text alignwide is-stacked-on-mobile\"><figure class=\"wp-block-media-text__media\"><img decoding=\"async\" src=\"https:\/\/www.faustyna.pl\/zmbm\/wp-content\/uploads\/2021\/06\/Bedzin-parafia-swFaustyny.jpg\" alt=\"\" class=\"wp-image-20934 size-full\" \/><\/figure><div class=\"wp-block-media-text__content\">\n<p>ul. Jesionowa 13<br>(do korespondencji: ul. Wierzbowa 2\/4)<br>42 \u2013 500 B\u0119dzin<br>tel.: (0-32) 267 39 85; kom.: 0692 301 984<br>dekanat: B\u0119dzin<br>diecezja: sosnowiecka<\/p>\n<\/div><\/div>\n\n\n\n<p><strong>BIA\u0141YSTOK<br>\u015awi\u0119tej Faustyny Kowalskiej<\/strong><\/p>\n\n\n\n<div class=\"wp-block-media-text alignwide is-stacked-on-mobile\"><figure class=\"wp-block-media-text__media\"><img decoding=\"async\" src=\"https:\/\/www.faustyna.pl\/zmbm\/wp-content\/uploads\/2021\/06\/Bialystok-Mikolajczyka-7-kosciol-sw-Faustyny.jpg\" alt=\"\" class=\"wp-image-20935 size-full\" \/><\/figure><div class=\"wp-block-media-text__content\">\n<p>BIA\u0141YSTOK<br>Parafia \u015bw. Faustyny Kowalskiej<br>ul. Miko\u0142ajczyka 7<br>15-772 Bia\u0142ystok<br>tel.: 607-215-600, 85-674-79-02<br>e-mail: faustyna@archibial.pl<\/p>\n<\/div><\/div>\n\n\n\n<p><strong>BIA\u0141YSTOK<br>kaplica pw. \u015bw. Siostry Faustyny Kowalskiej<\/strong><\/p>\n\n\n\n<div class=\"wp-block-media-text alignwide is-stacked-on-mobile\"><figure class=\"wp-block-media-text__media\"><img decoding=\"async\" src=\"https:\/\/www.faustyna.pl\/zmbm\/wp-content\/uploads\/2021\/06\/Bialystok-ul-Poleska-kaplica-sw-Faustyny.jpg\" alt=\"\" class=\"wp-image-20936 size-full\" \/><\/figure><div class=\"wp-block-media-text__content\">\n<p>Parafia \u015awi\u0119tej Rodziny<br>ul. Poleska 42<br>15-011 Bia\u0142ystok<br>Zgromadzenie Si\u00f3str Jezusa Mi\u0142osiernego<br>tel. (0-85) 65-45-528<br>dekanat: Bia\u0142ystok Bia\u0142ostoczek<br>archidiecezja bia\u0142ostocka<\/p>\n<\/div><\/div>\n\n\n\n<p><strong>BYDGOSZCZ<br>Parafia \u015bw. Faustyny<\/strong><\/p>\n\n\n\n<div class=\"wp-block-media-text alignwide is-stacked-on-mobile\"><figure class=\"wp-block-media-text__media\"><img decoding=\"async\" src=\"https:\/\/www.faustyna.pl\/zmbm\/wp-content\/uploads\/2021\/06\/Bydgoszcz-kosciol-sw-Faustyny.jpg\" alt=\"\" class=\"wp-image-20937 size-full\" \/><\/figure><div class=\"wp-block-media-text__content\">\n<p>ul. ks. Jerzego Popie\u0142uszki 3<br>85-863 Bydgoszcz<\/p>\n<\/div><\/div>\n\n\n\n<p><strong>CZ\u0118STOCHOWA<br>\u015bw. Faustyny Dziewicy<\/strong><\/p>\n\n\n\n<div class=\"wp-block-media-text alignwide is-stacked-on-mobile\"><figure class=\"wp-block-media-text__media\"><img decoding=\"async\" src=\"https:\/\/www.faustyna.pl\/zmbm\/wp-content\/uploads\/2021\/06\/Czestochowa-kosciol-sw-Faustyny.jpg\" alt=\"\" class=\"wp-image-20938 size-full\" \/><\/figure><div class=\"wp-block-media-text__content\">\n<p>ul. \u015awi\u0119tej Faustyny 14<br>42-200 Cz\u0119stochowa<br>tel.: (034) 322 17 37<br>dekanat: Podwy\u017cszenia Krzy\u017ca \u015aw.<br>w Cz\u0119stochowie<br>diecezja: cz\u0119stochowska<\/p>\n<\/div><\/div>\n\n\n\n<p><strong>D\u0104BROWA<br>ko\u015bci\u00f3\u0142 filialny \u015bw. Siostry Faustyny Kowalskiej<\/strong><\/p>\n\n\n\n<div class=\"wp-block-media-text alignwide is-stacked-on-mobile\"><figure class=\"wp-block-media-text__media\"><img decoding=\"async\" src=\"https:\/\/www.faustyna.pl\/zmbm\/wp-content\/uploads\/2021\/06\/Dabrowa-kosciol-filialny-sw.-Faustyny.jpg\" alt=\"\" class=\"wp-image-20939 size-full\" \/><\/figure><div class=\"wp-block-media-text__content\">\n<p>Parafia \u015bw. Jana Aposto\u0142a<br>ul. \u0141u\u017cycka 4<br>56-400 Ole\u015bnica (\u015al\u0105ska)<br>tel.: (0-71) 314 21 42<br>dekanat: Ole\u015bnica \u015al.-Zach\u00f3d<br>archidiecezja: wroc\u0142awska<\/p>\n<\/div><\/div>\n\n\n\n<p><strong>DOBRE MIASTO<br>\u015bw. Faustyny<\/strong><\/p>\n\n\n\n<div class=\"wp-block-media-text alignwide is-stacked-on-mobile\"><figure class=\"wp-block-media-text__media\"><img decoding=\"async\" src=\"https:\/\/www.faustyna.pl\/zmbm\/wp-content\/uploads\/2021\/06\/Dobre-Miasto-kosciol-sw-Faustyny.jpg\" alt=\"\" class=\"wp-image-20940 size-full\" \/><\/figure><div class=\"wp-block-media-text__content\">\n<p>Or\u0142a Bia\u0142ego 30<br>11-040 Dobre Miasto<br>tel.:0 603 65 74 34<br>dekanat: Dobre Miasto<br>diecezja: warmi\u0144ska<\/p>\n<\/div><\/div>\n\n\n\n<p><strong>G\u00d3RA \u015aL\u0104SKA<br>\u015awi\u0119tej Faustyny<\/strong><\/p>\n\n\n\n<div class=\"wp-block-media-text alignwide is-stacked-on-mobile\"><figure class=\"wp-block-media-text__media\"><img decoding=\"async\" src=\"https:\/\/www.faustyna.pl\/zmbm\/wp-content\/uploads\/2021\/06\/Gora-kosciol-sw-Faustyny.jpg\" alt=\"\" class=\"wp-image-20941 size-full\" \/><\/figure><div class=\"wp-block-media-text__content\">\n<p>os. Kazimierza Wielkiego 24<br>56-200 G\u00f3ra \u015al\u0105ska<br>woj. dolno\u015bl\u0105skie<br>tel.: (0-65) 544 16 70, 544 16 71<br>dekanat: G\u00f3ra \u015al\u0105ska \u2013 zach\u00f3d<br>diecezja: wroc\u0142awska<\/p>\n<\/div><\/div>\n\n\n\n<p><strong>GRODZISK WIELKOPOLSKI<br>\u015awi\u0119tej Faustyny Kowalskie<\/strong>j<\/p>\n\n\n\n<div class=\"wp-block-media-text alignwide is-stacked-on-mobile\"><figure class=\"wp-block-media-text__media\"><img decoding=\"async\" src=\"https:\/\/www.faustyna.pl\/zmbm\/wp-content\/uploads\/2021\/06\/Grodzisk-Wlkp-kosciol-sw-Faustyny.jpg\" alt=\"\" class=\"wp-image-20942 size-full\" \/><\/figure><div class=\"wp-block-media-text__content\">\n<p>os. Wojska Polskiego 108<br>62-065 Grodzisk Wielkopolski<br>woj. wielkopolskie<br>tel.: (0-61) 444 02 44<br>dekanat: Grodzisk Wielkopolski<br>diecezja: pozna\u0144ska<\/p>\n<\/div><\/div>\n\n\n\n<p><strong>GROSZOWICE<br>\u015awi\u0119tej Faustyny<\/strong><\/p>\n\n\n\n<div class=\"wp-block-media-text alignwide is-stacked-on-mobile\"><figure class=\"wp-block-media-text__media\"><img decoding=\"async\" src=\"https:\/\/www.faustyna.pl\/zmbm\/wp-content\/uploads\/2021\/06\/Groszowice-kosciol-sw-Faustyny.jpg\" alt=\"\" class=\"wp-image-20943 size-full\" \/><\/figure><div class=\"wp-block-media-text__content\">\n<p>Groszowice 108 A<br>26-630 Jedlnia Letnisko<br>woj. mazowieckie<br>tel.: (0-48) 322 16 52<br>dekanat: Radom-P\u00f3\u0142noc<br>diecezja: radomska<\/p>\n<\/div><\/div>\n\n\n\n<p><strong>HELEN\u00d3W<br>\u015awi\u0119tej Siostry Faustyny Kowalskiej<\/strong><\/p>\n\n\n\n<div class=\"wp-block-media-text alignwide is-stacked-on-mobile\"><figure class=\"wp-block-media-text__media\"><img decoding=\"async\" src=\"https:\/\/www.faustyna.pl\/zmbm\/wp-content\/uploads\/2021\/06\/Helenow-kaplica-sw-faustyny.jpg\" alt=\"\" class=\"wp-image-20944 size-full\" \/><\/figure><div class=\"wp-block-media-text__content\">\n<p>ul. Boryny 8<br>05-200 Wo\u0142omin<br>woj. mazowieckie<br>tel.: (0-22) 787 10 50<br>dekanat: Wo\u0142omin<br>diecezja: warszawsko-praska<\/p>\n<\/div><\/div>\n\n\n\n<p><strong>JAKUBOWICE KONI\u0143SKIE<br>Parafia rzymsko-katolicka pw. \u015aw. Faustyny<\/strong><\/p>\n\n\n\n<div class=\"wp-block-media-text alignwide is-stacked-on-mobile\"><figure class=\"wp-block-media-text__media\"><img decoding=\"async\" src=\"https:\/\/www.faustyna.pl\/zmbm\/wp-content\/uploads\/2021\/06\/Jakubowice-Koninskie-kpsciol-sw-Fasustyny.jpg\" alt=\"\" class=\"wp-image-20947 size-full\" \/><\/figure><div class=\"wp-block-media-text__content\">\n<p>Jakubowice Koni\u0144skie 1<br>21-002 Niemce<br>tel.: (0-81) 741-34-20<br>diecezja: lubelska<\/p>\n<\/div><\/div>\n\n\n\n<p><strong>JAS\u0141O<br>ko\u015bci\u00f3\u0142 \u015bw. Faustyny Kowalskiej<\/strong><\/p>\n\n\n\n<div class=\"wp-block-media-text alignwide is-stacked-on-mobile\"><figure class=\"wp-block-media-text__media\"><img decoding=\"async\" src=\"https:\/\/www.faustyna.pl\/zmbm\/wp-content\/uploads\/2021\/06\/Jaslo-kosciol-sw-Faustyny.jpg\" alt=\"\" class=\"wp-image-20946 size-full\" \/><\/figure><div class=\"wp-block-media-text__content\">\n<p>ul. \u015aw. Jana z Dukli 4<br>38-200 Jas\u0142o<br>tel.: (0-13) 446 90 88<br>dekanat: Jas\u0142o<br>diecezja: rzeszowska<\/p>\n<\/div><\/div>\n\n\n\n<p><strong>JAWOR<br>\u015bw. Faustyny<\/strong><\/p>\n\n\n\n<div class=\"wp-block-media-text alignwide is-stacked-on-mobile\"><figure class=\"wp-block-media-text__media\"><img decoding=\"async\" src=\"https:\/\/www.faustyna.pl\/zmbm\/wp-content\/uploads\/2021\/06\/Jawor_kosciol-sw-Faustyny.jpg\" alt=\"\" class=\"wp-image-20988 size-full\" \/><\/figure><div class=\"wp-block-media-text__content\">\n<p>ul. Korfantego (osiedle Przyrzecze)<br>59-400 Jawor<br>dekanat Jawor<br>diecezja legnicka<br>wojew\u00f3dztwo dolno\u015bl\u0105skie<\/p>\n<\/div><\/div>\n\n\n\n<p><strong>JAMIELNIK<br>\u015aw. Faustyny<\/strong><\/p>\n\n\n\n<div class=\"wp-block-media-text alignwide is-stacked-on-mobile\"><figure class=\"wp-block-media-text__media\"><img decoding=\"async\" src=\"https:\/\/www.faustyna.pl\/zmbm\/wp-content\/uploads\/2021\/06\/JAMIELNIK-Kosciol_sw._Faustyny.jpg\" alt=\"\" class=\"wp-image-20948 size-full\" \/><\/figure><div class=\"wp-block-media-text__content\">\n<p>13-332 Jamielnik<br>woj. warmi\u0144sko-mazurskie<br>tel.: (0-56) 472 27 01<br>dekanat: Nowe Miasto Lubawskie<br>diecezja: toru\u0144ska<\/p>\n<\/div><\/div>\n\n\n\n<p><strong>K\u0141UCKO<br>\u015awi\u0119tej Siostry Faustyny Kowalskiej<\/strong><\/p>\n\n\n\n<div class=\"wp-block-media-text alignwide is-stacked-on-mobile\"><figure class=\"wp-block-media-text__media\"><img decoding=\"async\" src=\"https:\/\/www.faustyna.pl\/zmbm\/wp-content\/uploads\/2021\/06\/Kluck-kosciol-sw-Faustyny.jpg\" alt=\"\" class=\"wp-image-20949 size-full\" \/><\/figure><div class=\"wp-block-media-text__content\">\n<p>K\u0142ucko 33 c<br>26-212 Smyk\u00f3w<br>woj. \u015bwi\u0119tokrzyskie<br>tel.: (0-41) 373 94 26<br>dekanat: Piekosz\u00f3w<br>diecezja: kielecka<\/p>\n<\/div><\/div>\n\n\n\n<p><strong>KONIN<br>\u015aw. Faustyny<\/strong><\/p>\n\n\n\n<div class=\"wp-block-media-text alignwide is-stacked-on-mobile\"><figure class=\"wp-block-media-text__media\"><img decoding=\"async\" src=\"https:\/\/www.faustyna.pl\/zmbm\/wp-content\/uploads\/2021\/06\/Konin-kosciol-sw-Faustyny.jpg\" alt=\"\" class=\"wp-image-20950 size-full\" \/><\/figure><div class=\"wp-block-media-text__content\">\n<p>ul. Fikusowa 10<br>62-502 Konin 4<br>woj. wielkopolskie<br>tel.: (0-63) 245 04 10<br>dekanat: Konin II<br>diecezja: w\u0142oc\u0142awska<\/p>\n<\/div><\/div>\n\n\n\n<p><strong>KONSTANTYN\u00d3W \u0141\u00d3DZKI<br>kaplica \u015bw. Faustyny w ko\u015bciele Mi\u0142osierdzia Bo\u017cego<\/strong><\/p>\n\n\n\n<div class=\"wp-block-media-text alignwide is-stacked-on-mobile\"><figure class=\"wp-block-media-text__media\"><img decoding=\"async\" src=\"https:\/\/www.faustyna.pl\/zmbm\/wp-content\/uploads\/2021\/06\/Konstantynow-Lodzki-par-Milosierdzia-Bozgo-kaplica-sw-Faustyny.jpg\" alt=\"\" class=\"wp-image-21002 size-full\" \/><\/figure><div class=\"wp-block-media-text__content\">\n<p>ul. Cmentarna 2<br>95-050 Konstantyn\u00f3w \u0141\u00f3dzki<br>tel.: (0-42) 211 30 80<br>dekanat: Konstantynowski<br>archidiecezja \u0142\u00f3dzka<\/p>\n<\/div><\/div>\n\n\n\n<p><strong>KOSZALIN<br>\u015bw. Siostry Faustyny Kowalskiej<\/strong><\/p>\n\n\n\n<div class=\"wp-block-media-text alignwide is-stacked-on-mobile\"><figure class=\"wp-block-media-text__media\"><img decoding=\"async\" src=\"https:\/\/www.faustyna.pl\/zmbm\/wp-content\/uploads\/2021\/06\/kosciol_pw_sw_faustyny_koszalin.jpg\" alt=\"\" class=\"wp-image-21113 size-full\" \/><\/figure><div class=\"wp-block-media-text__content\">\n<p>ul. Pi\u0142sudskiego 92<br>75-902 Koszalin<br>dekanat: Ordynariat Polowy<br>tel.: (094) 344 40 27<br>fax (094) 445 53 74<br>SG 664 40 27<\/p>\n<\/div><\/div>\n\n\n\n<p><strong>KOWALE<br>ko\u015bci\u00f3\u0142 filialny \u015bw. Faustyny Kowalskiej<\/strong><\/p>\n\n\n\n<div class=\"wp-block-media-text alignwide is-stacked-on-mobile\"><figure class=\"wp-block-media-text__media\"><img decoding=\"async\" src=\"https:\/\/www.faustyna.pl\/zmbm\/wp-content\/uploads\/2021\/06\/Kowale-kosciol-filialny-sw.Faustyny.jpg\" alt=\"\" class=\"wp-image-20951 size-full\" \/><\/figure><div class=\"wp-block-media-text__content\">\n<p>Parafia \u015bw. Kingi<br>ul. \u015awi\u0119tej Faustyny 3<br>Kowale<br>poczta: 80-180 Gda\u0144sk<br>tel. (0-58) 304-55-44<br>e-mail.: parafia@kowale.pl<br>dekanat: Gda\u0144sk \u0141ostowice<br>archidiecezja: gda\u0144ska<\/p>\n<\/div><\/div>\n\n\n\n<p><strong>KRAK\u00d3W-\u0141AGIEWNIKI<br>kaplica \u015bw. Siostry Faustyny w Sanktuarium Mi\u0142osierdzia Bo\u017cego<\/strong><\/p>\n\n\n\n<div class=\"wp-block-media-text alignwide is-stacked-on-mobile\"><figure class=\"wp-block-media-text__media\"><img decoding=\"async\" src=\"https:\/\/www.faustyna.pl\/zmbm\/wp-content\/uploads\/2021\/06\/Kaplica-sw-Faustyny-w-Lagiewnikach.jpg\" alt=\"\" class=\"wp-image-20984 size-full\" \/><\/figure><div class=\"wp-block-media-text__content\">\n<p>ul. Siostry Faustyny 3<br>30-420 Krak\u00f3w<br>tel.: (012) 266 23 68; 252 33 00<br>fax: (012) 263 79 97<br>e-mail: informacja@pastorallodge.com.pl<\/p>\n<\/div><\/div>\n\n\n\n<p><strong>\u0141ASK<br>Parafia \u015awi\u0119tej Faustyny Kowalskiej<\/strong><\/p>\n\n\n\n<div class=\"wp-block-media-text alignwide is-stacked-on-mobile\"><figure class=\"wp-block-media-text__media\"><img decoding=\"async\" src=\"https:\/\/www.faustyna.pl\/zmbm\/wp-content\/uploads\/2021\/06\/Lask-kosciol-sw-Faustyny.jpg\" alt=\"\" class=\"wp-image-20952 size-full\" \/><\/figure><div class=\"wp-block-media-text__content\">\n<p>ul. Batorego 41, pow. \u0142aski<br>98-100 \u0141ask<br>tel.: (0-43) 676-21-41<br>dekanat: \u0142aski<\/p>\n<\/div><\/div>\n\n\n\n<p><strong>\u0141\u0118CZNA<br>kaplica szpitalna pw. \u015bw. Siostry Faustyny<\/strong><\/p>\n\n\n\n<div class=\"wp-block-media-text alignwide is-stacked-on-mobile\"><figure class=\"wp-block-media-text__media\"><img decoding=\"async\" src=\"https:\/\/www.faustyna.pl\/zmbm\/wp-content\/uploads\/2021\/06\/Leczna-kaplica-sw-Faustyny-w-szpitalu.jpg\" alt=\"\" class=\"wp-image-20990 size-full\" \/><\/figure><div class=\"wp-block-media-text__content\">\n<p>ul. Krasnystawska 52<br>21-010 \u0141\u0119czna<br>tel.: (0-81) 75 26 300<br>dekanat: \u0142\u0119czy\u0144ski<br>archidiecezja: lubelska<\/p>\n<\/div><\/div>\n\n\n\n<p><strong>\u0141\u00d3D\u0179<br>\u015awi\u0119tej Faustyny Kowalskiej<\/strong><\/p>\n\n\n\n<div class=\"wp-block-media-text alignwide is-stacked-on-mobile\"><figure class=\"wp-block-media-text__media\"><img decoding=\"async\" src=\"https:\/\/www.faustyna.pl\/zmbm\/wp-content\/uploads\/2021\/06\/Lodz-parafia-sw-Faustyny.jpg\" alt=\"\" class=\"wp-image-20953 size-full\" \/><\/figure><div class=\"wp-block-media-text__content\">\n<p>pl. Niepodleg\u0142o\u015bci 1<br>93-029 \u0141\u00f3d\u017a<br>woj. \u0142\u00f3dzkie<br>tel.: (0-42) 640 36 90<br>dekanat: \u0141\u00f3d\u017a \u2013 \u015ar\u00f3dmie\u015bcie<br>diecezja: \u0142\u00f3dzka<\/p>\n<\/div><\/div>\n\n\n\n<p><strong>\u0141\u00d3D\u0179<br>kaplica \u015bw. Siostry Faustyny<\/strong><\/p>\n\n\n\n<div class=\"wp-block-media-text alignwide is-stacked-on-mobile\"><figure class=\"wp-block-media-text__media\"><img decoding=\"async\" src=\"https:\/\/www.faustyna.pl\/zmbm\/wp-content\/uploads\/2021\/06\/Kaplica-Lodz-Krosnienska.jpg\" alt=\"\" class=\"wp-image-20986 size-full\" \/><\/figure><div class=\"wp-block-media-text__content\">\n<p>ul. Kro\u015bnie\u0144ska 9<br>91-157 \u0141\u00f3d\u017a<\/p>\n<\/div><\/div>\n\n\n\n<p><strong>\u0141\u00d3D\u0179<br>kaplica \u015bw. Faustyny Kowalskiej<br>w Sanktuarium Mi\u0142osierdzia Bo\u017cego<\/strong><\/p>\n\n\n\n<div class=\"wp-block-media-text alignwide is-stacked-on-mobile\"><figure class=\"wp-block-media-text__media\"><img decoding=\"async\" src=\"https:\/\/www.faustyna.pl\/zmbm\/wp-content\/uploads\/2021\/06\/Lodz-kaplica-sw-Faustyny.jpg\" alt=\"\" class=\"wp-image-21006 size-full\" \/><\/figure><div class=\"wp-block-media-text__content\">\n<p>ul. K.K. Baczy\u0144skiego 156<br>91-170 \u0141od\u017a<br>tel.: (042) 655 83 22<br>dekanat: \u0141\u00f3d\u017a-Teofil\u00f3w<br>archidiecezja \u0142\u00f3dzka<\/p>\n<\/div><\/div>\n\n\n\n<p><strong>\u0141UBIANKA<br>\u015awi\u0119tego J\u00f3zefa Rzemie\u015blnika i \u015awi\u0119tej Faustyny Kowalskiej<\/strong><\/p>\n\n\n\n<div class=\"wp-block-media-text alignwide is-stacked-on-mobile\"><figure class=\"wp-block-media-text__media\"><img decoding=\"async\" src=\"https:\/\/www.faustyna.pl\/zmbm\/wp-content\/uploads\/2021\/06\/Lubianka-koscil-sw-Faustyny.jpg\" alt=\"\" class=\"wp-image-20954 size-full\" \/><\/figure><div class=\"wp-block-media-text__content\">\n<p>\u0141ubianka 22<br>16-130 Jan\u00f3w<br>woj. podlaskie<br>tel.: (0-85) 721 50 29<br>dekanat: Korycin<br>diecezja: bia\u0142ostocka<\/p>\n<\/div><\/div>\n\n\n\n<p><strong>MODLNICZKA<br>ko\u015bci\u00f3\u0142 Mi\u0142osierdzia Bo\u017cego i \u015bw. Faustyny<\/strong><\/p>\n\n\n\n<div class=\"wp-block-media-text alignwide is-stacked-on-mobile\"><figure class=\"wp-block-media-text__media\"><img decoding=\"async\" src=\"https:\/\/www.faustyna.pl\/zmbm\/wp-content\/uploads\/2021\/06\/Modlniczka-kosciol-sw-Faustyny.jpg\" alt=\"\" class=\"wp-image-20955 size-full\" \/><\/figure><div class=\"wp-block-media-text__content\">\n<p>Parafia \u015bw. Wojciecha i MB Bolesnej<br>w Modlnicy Wielkiej<br>32 085 Modlnica Wielka 77<br>tel\/fax (12) 419 20 15<br>archidiecezja krakowska<br>dekanat Bolechowice<\/p>\n<\/div><\/div>\n\n\n\n<p><strong>MOGILNO<br>\u015awi\u0119tej Faustyny Kowalskiej<\/strong><\/p>\n\n\n\n<div class=\"wp-block-media-text alignwide is-stacked-on-mobile\"><figure class=\"wp-block-media-text__media\"><img decoding=\"async\" src=\"https:\/\/www.faustyna.pl\/zmbm\/wp-content\/uploads\/2021\/06\/Mogilno-kosciol-sw-faustyny.jpg\" alt=\"\" class=\"wp-image-20956 size-full\" \/><\/figure><div class=\"wp-block-media-text__content\">\n<p>ul. M. Reja 22<br>88-301 Mogilno<br>woj. kujawsko-pomorskie<br>tel.: (0-52) 318 05 50<br>dekanat: Mogilno<br>diecezja: gnie\u017anie\u0144ska<\/p>\n<\/div><\/div>\n\n\n\n<p><strong>NAPRAWA<br>\u015bw. Faustyny Kowalskiej<\/strong><\/p>\n\n\n\n<div class=\"wp-block-media-text alignwide is-stacked-on-mobile\"><figure class=\"wp-block-media-text__media\"><img decoding=\"async\" src=\"https:\/\/www.faustyna.pl\/zmbm\/wp-content\/uploads\/2021\/06\/Naprawa-kosciol-sw-Faustyny.jpg\" alt=\"\" class=\"wp-image-20957 size-full\" \/><\/figure><div class=\"wp-block-media-text__content\">\n<p>Naprawa 545<br>34-240 Jordan\u00f3w<br>woj. ma\u0142opolskie<br>tel.: (0-18) 267 21 66<br>dekanat: Jordan\u00f3w<br>diecezja: krakowska<\/p>\n<\/div><\/div>\n\n\n\n<p><strong>OSTR\u0118\u017bNICA<br>\u015awi\u0119tej Faustyny<\/strong><\/p>\n\n\n\n<div class=\"wp-block-media-text alignwide is-stacked-on-mobile\"><figure class=\"wp-block-media-text__media\"><img decoding=\"async\" src=\"https:\/\/www.faustyna.pl\/zmbm\/wp-content\/uploads\/2021\/06\/Ostreznica-kosciol-sw-Faustyny.jpg\" alt=\"\" class=\"wp-image-20958 size-full\" \/><\/figure><div class=\"wp-block-media-text__content\">\n<p>Ostr\u0119\u017cnica-\u0141any<br>32-065 Krzeszowice<br>woj. ma\u0142opolskie<br>tel.: (0-12) 283 54 62<br>dekanat: Krzeszowice<br>diecezja: krakowska<\/p>\n<\/div><\/div>\n\n\n\n<p><strong>OSTROWIEC \u015aWI\u0118TOKRZYSKI<br>kaplica \u015bw. Faustyny w Sanktuarium Mi\u0142osierdzia Bo\u017cego<\/strong><\/p>\n\n\n\n<div class=\"wp-block-media-text alignwide is-stacked-on-mobile\"><figure class=\"wp-block-media-text__media\"><img decoding=\"async\" src=\"https:\/\/www.faustyna.pl\/zmbm\/wp-content\/uploads\/2021\/06\/Ostrowiec-Swietokrzyski-kaplica-sw-Faustyny.jpg\" alt=\"\" class=\"wp-image-20992 size-full\" \/><\/figure><div class=\"wp-block-media-text__content\">\n<p>ul. Polna 3<br>27-400 Ostrowiec \u015awi\u0119tokrzyski<br>tel.: (041) 263 31 41<br>dekanat Ostrowiec \u015awi\u0119tokrzyski<br>diecezja sandomierska<br>woj. \u015bwi\u0119tokrzyskie<\/p>\n<\/div><\/div>\n\n\n\n<p><strong>OSTR\u00d3DA<br>\u015awi\u0119tej Faustyny Kowalskiej<\/strong><\/p>\n\n\n\n<div class=\"wp-block-media-text alignwide is-stacked-on-mobile\"><figure class=\"wp-block-media-text__media\"><img decoding=\"async\" src=\"https:\/\/www.faustyna.pl\/zmbm\/wp-content\/uploads\/2021\/06\/Ostroda-kosciol-sw-Faustyny.jpg\" alt=\"\" class=\"wp-image-20959 size-full\" \/><\/figure><div class=\"wp-block-media-text__content\">\n<p>ul. Plebiscytowa 48<br>14-100 Ostr\u00f3da<br>woj. warmi\u0144sko-mazurskie<br>tel.: (0-88) 646 10 82<br>dekanat: Ostr\u00f3da I \u2013 Wsch\u00f3d<br>diecezja: warmi\u0144ska<\/p>\n<\/div><\/div>\n\n\n\n<p><strong>PISARZOWICE<br>kaplica p.w. \u015bw. Faustyny Kowalskiej<\/strong><\/p>\n\n\n\n<div class=\"wp-block-media-text alignwide is-stacked-on-mobile\"><figure class=\"wp-block-media-text__media\"><img decoding=\"async\" src=\"https:\/\/www.faustyna.pl\/zmbm\/wp-content\/uploads\/2021\/06\/Pisorzawice-kosciol-sw-Faustyny.jpg\" alt=\"\" class=\"wp-image-20960 size-full\" \/><\/figure><div class=\"wp-block-media-text__content\">\n<p>Parafia pw. Podwy\u017cszenia Krzy\u017ca \u015awi\u0119tego<br>ul. Pa\u0144ska 1<br>49-306 Brzeg<br>tel.: (0-77) 416-37-73; 416-53-68<br>e-mail: brzegpn@archidiecezja.wroc.pl<br>dekanat: Brzeg-p\u00f3\u0142noc<br>archidiecezja: wroc\u0142awska<\/p>\n<\/div><\/div>\n\n\n\n<p><strong>PLEWISKA<br>\u015awi\u0119tej Faustyny<\/strong><\/p>\n\n\n\n<div class=\"wp-block-media-text alignwide is-stacked-on-mobile\"><figure class=\"wp-block-media-text__media\"><img decoding=\"async\" src=\"https:\/\/www.faustyna.pl\/zmbm\/wp-content\/uploads\/2021\/06\/Plewiska-kosciolsw-Faustyny.jpg\" alt=\"\" class=\"wp-image-20961 size-full\" \/><\/figure><div class=\"wp-block-media-text__content\">\n<p>ul. Szkolna 62<br>62-064 Plewiska<br>woj. wielkopolskie<br>tel.: (0-61) 867 75 45<br>dekanat: Prze\u017amierowo<br>diecezja: pozna\u0144ska<\/p>\n<\/div><\/div>\n\n\n\n<p><strong>PUCK<br>\u015awi\u0119tej Faustyny Kowalskiej<\/strong><\/p>\n\n\n\n<div class=\"wp-block-media-text alignwide is-stacked-on-mobile\"><figure class=\"wp-block-media-text__media\"><img decoding=\"async\" src=\"https:\/\/www.faustyna.pl\/zmbm\/wp-content\/uploads\/2021\/06\/Puck-kosciol-sw-Faustyny.jpg\" alt=\"\" class=\"wp-image-20962 size-full\" \/><\/figure><div class=\"wp-block-media-text__content\">\n<p>ul. Swarzewska<br>84-100 Puck<br>woj. pomorskie<br>tel.: (0-58) 774 30 07<br>dekanat: Puck<br>diecezja: gda\u0144ska<\/p>\n<\/div><\/div>\n\n\n\n<p><strong>ROGOZINO<br>Parafia pw. \u015aw. Faustyny Aposto\u0142ki Bo\u017cego Mi\u0142osierdzia<\/strong><\/p>\n\n\n\n<div class=\"wp-block-media-text alignwide is-stacked-on-mobile\"><figure class=\"wp-block-media-text__media\"><img decoding=\"async\" src=\"https:\/\/www.faustyna.pl\/zmbm\/wp-content\/uploads\/2021\/06\/Rogozino-kosciolswfaustyny.jpg\" alt=\"\" class=\"wp-image-20963 size-full\" \/><\/figure><div class=\"wp-block-media-text__content\">\n<p>09-442 Rogozino<br>gm. Radzanowo<br>pow. p\u0142ocki<br>woj. mazowieckie<br>dekanat p\u0142ock-wschodni<br>diecezja: p\u0142ocka<\/p>\n<\/div><\/div>\n\n\n\n<p><strong>ROTMANKA<br>\u015awi\u0119tej Siostry Faustyny Kowalskiej<\/strong><\/p>\n\n\n\n<div class=\"wp-block-media-text alignwide is-stacked-on-mobile\"><figure class=\"wp-block-media-text__media\"><img decoding=\"async\" src=\"https:\/\/www.faustyna.pl\/zmbm\/wp-content\/uploads\/2021\/06\/Rotmanka-kosciolsw-Faustyny.jpg\" alt=\"\" class=\"wp-image-20964 size-full\" \/><\/figure><div class=\"wp-block-media-text__content\">\n<p>ul. \u015bw. Siostry Faustyny Kowalskiej 10<br>83-010 Straszyn<br>woj. pomorskie<br>tel.: (0-58) 682 14 44<br>dekanat: Pruszcz Gda\u0144ski<br>diecezja: gda\u0144ska<\/p>\n<\/div><\/div>\n\n\n\n<p><strong>S\u0118KOCIN STARY<br>\u015awi\u0119tej Faustyny Kowalskiej<\/strong><\/p>\n\n\n\n<div class=\"wp-block-media-text alignwide is-stacked-on-mobile\"><figure class=\"wp-block-media-text__media\"><img decoding=\"async\" src=\"https:\/\/www.faustyna.pl\/zmbm\/wp-content\/uploads\/2021\/06\/Sekocin-Stary-kosciol-sw-Faustyny.jpg\" alt=\"\" class=\"wp-image-20965 size-full\" \/><\/figure><div class=\"wp-block-media-text__content\">\n<p>ul. Starowiejska 25<br>05-090 Raszyn<br>woj. mazowieckie<br>tel.: (0-22) 720 25 54<br>dekanat: Raszyn<br>diecezja: warszawska<\/p>\n<\/div><\/div>\n\n\n\n<p><strong>S\u0141UPSK<br>\u015awi\u0119tej Siostry Faustyny Kowalskiej<\/strong><\/p>\n\n\n\n<div class=\"wp-block-media-text alignwide is-stacked-on-mobile\"><figure class=\"wp-block-media-text__media\"><img decoding=\"async\" src=\"https:\/\/www.faustyna.pl\/zmbm\/wp-content\/uploads\/2021\/06\/Slupsk-kosciol-sw-faustyny.jpg\" alt=\"\" class=\"wp-image-20966 size-full\" \/><\/figure><div class=\"wp-block-media-text__content\">\n<p>ul. Stanis\u0142awa Konarskiego 17<br>76-200 S\u0142upsk<br>woj. pomorskie<br>tel.: (0-59) 844 20 59<br>dekanat: S\u0142upsk Zach\u00f3d<br>diecezja: koszali\u0144sko-ko\u0142obrzeska<\/p>\n<\/div><\/div>\n\n\n\n<p><strong>SOKO\u0141\u00d3W PODLASKI<br>Ko\u015bci\u00f3\u0142 \u015bw. Faustyny<\/strong><\/p>\n\n\n\n<div class=\"wp-block-media-text alignwide is-stacked-on-mobile\"><figure class=\"wp-block-media-text__media\"><img decoding=\"async\" src=\"https:\/\/www.faustyna.pl\/zmbm\/wp-content\/uploads\/2021\/06\/Sokolow-Podlaski-kosciol-swFaustyny.jpg\" alt=\"\" class=\"wp-image-20967 size-full\" \/><\/figure><div class=\"wp-block-media-text__content\">\n<p>\u015awi\u0119tego Rocha 8<br>08-300 Soko\u0142\u00f3w Podlaski<\/p>\n<\/div><\/div>\n\n\n\n<p><strong>STARE BRYNKI k\/Gryfina<br>Ko\u015bci\u00f3\u0142 filialny \u015bw. Faustyny<\/strong><\/p>\n\n\n\n<div class=\"wp-block-media-text alignwide is-stacked-on-mobile\"><figure class=\"wp-block-media-text__media\"><img decoding=\"async\" src=\"https:\/\/www.faustyna.pl\/zmbm\/wp-content\/uploads\/2021\/06\/Stare-Brynki-kosciol-sw.-Faustyny.jpg\" alt=\"\" class=\"wp-image-20968 size-full\" \/><\/figure><div class=\"wp-block-media-text__content\">\n<p>Diecezja Szczeci\u0144sko-Kamie\u0144ska<\/p>\n<\/div><\/div>\n\n\n\n<p><strong>STOJOWICE<br>Kaplica \u015bw. Faustyny<\/strong><\/p>\n\n\n\n<div class=\"wp-block-media-text alignwide is-stacked-on-mobile\"><figure class=\"wp-block-media-text__media\"><img decoding=\"async\" src=\"https:\/\/www.faustyna.pl\/zmbm\/wp-content\/uploads\/2021\/06\/Stojowice-kaplica-sw-Faustyny.jpg\" alt=\"\" class=\"wp-image-20969 size-full\" \/><\/figure><div class=\"wp-block-media-text__content\">\n<p>Stojowice<br>32-410 Dobczyce<br>powiat my\u015blenicki<br>wojew\u00f3dztwo ma\u0142opolskie<\/p>\n<\/div><\/div>\n\n\n\n<p><strong>STRACHOCIN<br>Ko\u015bci\u00f3\u0142 filialny \u015bw. Faustyny<\/strong><\/p>\n\n\n\n<div class=\"wp-block-media-text alignwide is-stacked-on-mobile\"><figure class=\"wp-block-media-text__media\"><img decoding=\"async\" src=\"https:\/\/www.faustyna.pl\/zmbm\/wp-content\/uploads\/2021\/06\/Strachocin-kosciol-filialny-sw-Faustyny.jpg\" alt=\"\" class=\"wp-image-21000 size-full\" \/><\/figure><div class=\"wp-block-media-text__content\">\n<p>73-110 Strachocin<br>tel.: 91 578 30 22<br>Parafia NMP Kr\u00f3lowej \u015awiata w Stargardzie<\/p>\n<\/div><\/div>\n\n\n\n<p><strong>STUCHOWO<br>\u015awi\u0119tej Siostry Faustyny Kowalskiej<\/strong><\/p>\n\n\n\n<div class=\"wp-block-media-text alignwide is-stacked-on-mobile\"><figure class=\"wp-block-media-text__media\"><img decoding=\"async\" src=\"https:\/\/www.faustyna.pl\/zmbm\/wp-content\/uploads\/2021\/06\/Stuchowo-kosciol-sw-Faustyny.jpg\" alt=\"\" class=\"wp-image-20970 size-full\" \/><\/figure><div class=\"wp-block-media-text__content\">\n<p>Stuchowo 18<br>72-405 \u015awierzno<br>woj. zachodniopomorskie<br>tel.: (0-91) 383 27 10<br>dekanat: Kamie\u0144 Pomorski<br>diecezja: szczeci\u0144sko-kamie\u0144ska<\/p>\n<\/div><\/div>\n\n\n\n<p><strong>SZCZECIN<br>\u015awi\u0119tej Siostry Faustyny Kowalskiej<\/strong><\/p>\n\n\n\n<div class=\"wp-block-media-text alignwide is-stacked-on-mobile\"><figure class=\"wp-block-media-text__media\"><img decoding=\"async\" src=\"https:\/\/www.faustyna.pl\/zmbm\/wp-content\/uploads\/2021\/06\/Szczecin_Bukowo_kosciol_Faustyny_Kowalskiej.jpg\" alt=\"\" class=\"wp-image-20971 size-full\" \/><\/figure><div class=\"wp-block-media-text__content\">\n<p>ul. Ogrodnicza 72<br>71-804 Szczecin<br>woj. zachodniopomorskie<br>tel.: (0-91) 421 68 75<br>dekanat: Szczecin \u2013 \u017belichowo<br>diecezja: szczeci\u0144sko-kamie\u0144ska<\/p>\n<\/div><\/div>\n\n\n\n<p><strong>SZCZUKOWICE<br>\u015awi\u0119tej Siostry Faustyny Kowalskiej<\/strong><\/p>\n\n\n\n<div class=\"wp-block-media-text alignwide is-stacked-on-mobile\"><figure class=\"wp-block-media-text__media\"><img decoding=\"async\" src=\"https:\/\/www.faustyna.pl\/zmbm\/wp-content\/uploads\/2021\/06\/Szczukowice_kosciol-sw-Faustyny.jpg\" alt=\"\" class=\"wp-image-20972 size-full\" \/><\/figure><div class=\"wp-block-media-text__content\">\n<p>Szczukowice 114<br>26-065 Piekosz\u00f3w<br>woj. \u015bwi\u0119tokrzyskie<br>tel.: (0-41) 306 18 61; 312 93 24<br>dekanat: Piekosz\u00f3w<br>diecezja: kielecka<\/p>\n<\/div><\/div>\n\n\n\n<p><strong>\u015aWIEBODZIN<br>kaplica \u015bw. Faustyny w Sanktuarium Mi\u0142osierdzia Bo\u017cego<\/strong><\/p>\n\n\n\n<div class=\"wp-block-media-text alignwide is-stacked-on-mobile\"><figure class=\"wp-block-media-text__media\"><img decoding=\"async\" src=\"https:\/\/www.faustyna.pl\/zmbm\/wp-content\/uploads\/2021\/06\/Swiebodzin-Sanktuarium-BM-1.jpg\" alt=\"\" class=\"wp-image-20994 size-full\" \/><\/figure><div class=\"wp-block-media-text__content\">\n<p>Os. \u0141u\u017cyckie 52<br>66-200 \u015awiebodzin<br>dekanat \u015awiebodzin<br>diecezja zielonog\u00f3rsko-gorzowska<br>tel.: (0-68) 382 92 22<\/p>\n<\/div><\/div>\n\n\n\n<p><strong>\u015aWIERCZEWO<br>Ko\u015bci\u00f3\u0142 filialny pw. \u015bw. Faustyny Kowalskiej<\/strong><\/p>\n\n\n\n<div class=\"wp-block-media-text alignwide is-stacked-on-mobile\"><figure class=\"wp-block-media-text__media\"><img decoding=\"async\" src=\"https:\/\/www.faustyna.pl\/zmbm\/wp-content\/uploads\/2021\/06\/Swierczewo-kosciol-sw-Faustyny.jpg\" alt=\"\" class=\"wp-image-20973 size-full\" \/><\/figure><div class=\"wp-block-media-text__content\">\n<p>\u015aWIERCZEWO<br>Ko\u015bci\u00f3\u0142 filialny pw. \u015bw. Faustyny Kowalskiej<\/p>\n<\/div><\/div>\n\n\n\n<p><strong>TORU\u0143<br>Mi\u0142osierdzia Bo\u017cego i \u015awi\u0119tej Siostry Faustyny Kowalskiej<\/strong><\/p>\n\n\n\n<div class=\"wp-block-media-text alignwide is-stacked-on-mobile\"><figure class=\"wp-block-media-text__media\"><img decoding=\"async\" src=\"https:\/\/www.faustyna.pl\/zmbm\/wp-content\/uploads\/2021\/06\/Torun-Sanktuarium-MB-i-sw-Faustyny.jpg\" alt=\"\" class=\"wp-image-20974 size-full\" \/><\/figure><div class=\"wp-block-media-text__content\">\n<p>ul. \u015bw. Siostry Faustyny 7<br>87-100 Toru\u0144<br>woj. kujawsko-pomorskie<br>tel.: (0-56) 639 44 06<br>dekanat: Toru\u0144 II<br>diecezja: toru\u0144ska<\/p>\n<\/div><\/div>\n\n\n\n<p><strong>TYCHY<br>Kaplica pw. \u015bw. Siostry Faustyny Kowalskiej<\/strong><\/p>\n\n\n\n<div class=\"wp-block-media-text alignwide is-stacked-on-mobile\"><figure class=\"wp-block-media-text__media\"><img decoding=\"async\" src=\"https:\/\/www.faustyna.pl\/zmbm\/wp-content\/uploads\/2021\/06\/Tychy-Kaplica-Swietej-Faustyny-Kowalskiej-ul-Nowokoscielna-56.jpg\" alt=\"\" class=\"wp-image-20975 size-full\" \/><\/figure><div class=\"wp-block-media-text__content\">\n<p>ul. Nowoko\u015bcielna 56<br>43-100 Tychy<br>tel\/fax.: (0-32) 227 18 36<br>Kaplica jest obs\u0142ugiwana przez duszpasterzy<br>z parafii pw. \u015bw. Marii Magdaleny<br>ul. Ks. K. Damrota 62, 43-100 Tychy<br>dekanat: Tychy Stare, archidiecezja: katowicka<\/p>\n<\/div><\/div>\n\n\n\n<p><strong>WARSZAWA<br>\u015aw. Siostry Faustyny Kowalskiej<\/strong><\/p>\n\n\n\n<div class=\"wp-block-media-text alignwide is-stacked-on-mobile\"><figure class=\"wp-block-media-text__media\"><img decoding=\"async\" src=\"https:\/\/www.faustyna.pl\/zmbm\/wp-content\/uploads\/2021\/06\/Warszawa-Brodno-kosciol-sw-Faustyny.jpg\" alt=\"\" class=\"wp-image-20977 size-full\" \/><\/figure><div class=\"wp-block-media-text__content\">\n<p>ul. \u017buromi\u0144ska 2<br>03-341 Warszawa<br>woj. mazowieckie<br>tel.: (0-22) 674 40 97<br>dekanat: Warszawa-Br\u00f3dno<br>diecezja: warszawsko-praska<\/p>\n<\/div><\/div>\n\n\n\n<p><strong>WILCZKOWICE<br>\u015bw. Maksymiliana Kolbe i \u015bw. Faustyny Kowalskiej<\/strong><\/p>\n\n\n\n<div class=\"wp-block-media-text alignwide is-stacked-on-mobile\"><figure class=\"wp-block-media-text__media\"><img decoding=\"async\" src=\"https:\/\/www.faustyna.pl\/zmbm\/wp-content\/uploads\/2021\/06\/Wilczkowice-kosciol-sw-Faustyny.jpg\" alt=\"\" class=\"wp-image-20978 size-full\" \/><\/figure><div class=\"wp-block-media-text__content\">\n<p>Wilczkowice 35<br>26-230 Radoszyce<br>powiat konecki<br>wojew\u00f3dztwo \u015bwi\u0119tokrzyskie<br>tel.: (041) 373 52 02<\/p>\n<\/div><\/div>\n\n\n\n<p><strong>WROC\u0141AW Biskupin<br>\u015awi\u0119tej Faustyny<\/strong><\/p>\n\n\n\n<div class=\"wp-block-media-text alignwide is-stacked-on-mobile\"><figure class=\"wp-block-media-text__media\"><img decoding=\"async\" src=\"https:\/\/www.faustyna.pl\/zmbm\/wp-content\/uploads\/2021\/06\/Wroclaw-kosciol-sw-faustyny.jpg\" alt=\"\" class=\"wp-image-20979 size-full\" \/><\/figure><div class=\"wp-block-media-text__content\">\n<p>ul. M. Jackowskiego 40\/ 42<br>51-655 Wroc\u0142aw<br>woj.: dolno\u015bl\u0105skie<br>tel.: (0-71) 348 27 33; 348 31 90<br>dekanat: Wroc\u0142aw \u2013 p\u00f3\u0142noc II (S\u0119polno)<br>diecezja: wroc\u0142awska<\/p>\n<\/div><\/div>\n\n\n\n<p><strong>WYSOKIE<br>Ko\u015bci\u00f3\u0142 filialny pw. \u015bw. Faustyny Kowalskiej<\/strong><\/p>\n\n\n\n<div class=\"wp-block-media-text alignwide is-stacked-on-mobile\"><figure class=\"wp-block-media-text__media\"><img decoding=\"async\" src=\"https:\/\/www.faustyna.pl\/zmbm\/wp-content\/uploads\/2021\/06\/Wysokie-kosciol-filialny-sw-Faustyny.jpg\" alt=\"\" class=\"wp-image-20998 size-full\" \/><\/figure><div class=\"wp-block-media-text__content\">\n<p>Parafia \u015bw. Ap. Piotra i Paw\u0142a<br>Brze\u017ano L\u0119borskie<br>Wysokie, 84-218 \u0141\u0119czyce<br>tel.: (0-58) 572 81 17<br>dekanat: gniewi\u0144ski<br>diecezja: pelpli\u0144ska<\/p>\n<\/div><\/div>\n\n\n\n<p><strong>ZIELONA G\u00d3RA<br>Parafia Mi\u0142osierdzia Bo\u017cego \u2013 kaplica \u015bw. Faustyny<\/strong><\/p>\n\n\n\n<div class=\"wp-block-media-text alignwide is-stacked-on-mobile\"><figure class=\"wp-block-media-text__media\"><img decoding=\"async\" src=\"https:\/\/www.faustyna.pl\/zmbm\/wp-content\/uploads\/2021\/06\/Zielona-Gora-Kosciol-MB-w-nim-kaplica-sw-Faustyny.jpg\" alt=\"\" class=\"wp-image-20996 size-full\" \/><\/figure><div class=\"wp-block-media-text__content\">\n<p>ul. Osiedle Kaszubskie 7<br>65-547 Zielona G\u00f3ra<br>tel.: (68) 320 00 10<br>e-mail: parafia@milosierdzieboze.zielgora.pl<br>dekanat: Zielona G\u00f3ra \u2013 \u015bw. Jadwigi<br>diecezja: zielonog\u00f3rsko-gorzowska<br>metropolia: szczeci\u0144sko-kamie\u0144ska<\/p>\n<\/div><\/div>\n\n\n\n<p><strong>Z\u0141OTNIKI<br>ko\u015bci\u00f3\u0142 pw. \u015bw. Faustyny Kowalskiej w parafii \u015bw. Joanny Beretta-Molla<\/strong><\/p>\n\n\n\n<div class=\"wp-block-media-text alignwide is-stacked-on-mobile\"><figure class=\"wp-block-media-text__media\"><img decoding=\"async\" src=\"https:\/\/www.faustyna.pl\/zmbm\/wp-content\/uploads\/2021\/06\/Zlotniki-kosciol-sw-Faustyny.jpg\" alt=\"\" class=\"wp-image-20980 size-full\" \/><\/figure><div class=\"wp-block-media-text__content\">\n<p>ul. Z\u0142otnicka, 62- 002 Z\u0142otniki<br>tel.: 616 771 346; 728 476 060<br>Tymczasowy adres korespondencyjny:<br>Parafia Rzymskokatolicka<br>pw. \u015bw. Joanny Beretta \u2013 Molla<br>ul. Bogus\u0142awskiego 3<br>62-002 Suchy Las<\/p>\n<\/div><\/div>\n\n\n\n<p><strong>\u017b\u00d3\u0141WIN<br>ko\u015bci\u00f3\u0142 filialny \u015bw. Faustyny Kowalskiej<\/strong><\/p>\n\n\n\n<div class=\"wp-block-media-text alignwide is-stacked-on-mobile\"><figure class=\"wp-block-media-text__media\"><img decoding=\"async\" src=\"https:\/\/www.faustyna.pl\/zmbm\/wp-content\/uploads\/2021\/06\/Zolwin-kosciol-filialny-sw-faustyny.jpg\" alt=\"\" class=\"wp-image-20981 size-full\" \/><\/figure><div class=\"wp-block-media-text__content\">\n<p>\u017b\u00f3\u0142win<br>Parafia pw. Mi\u0142osierdzia Bo\u017cego<br>ul. Trzcielska 6<br>Bobowicko, poczta 66-300 Mi\u0119dzyrzecz<br>tel.: (0-95) 741-32-20<br>diecezja: zielonog\u00f3rsko \u2013 gorzowska<\/p>\n<\/div><\/div>\n","protected":false},"excerpt":{"rendered":"<p>SANKTUARIUM URODZIN I CHRZTU \u015aW. FAUSTYNY\u015aWINICE WARCKIE Rzymsko \u2013 Katolicka Parafiapw. \u015bw. Kazimierza w \u015awinicach Warckichul. \u015aw. Siostry Faustyny 399-140 \u015awinice Warckietel. (0-63) 288 12 07diecezja w\u0142oc\u0142awska SANKTUARIUM \u015aWI\u0118TEJ SIOSTRY FAUSTYNYWARSZAWA ul. \u017bytnia 101-014 Warszawawoj.: mazowieckietel.: (0-22) 636 99 92dekanat: Warszawa \u2013 Muran\u00f3wdiecezja: warszawska SANKTUARIUM \u015aW. SIOSTRY FAUSTYNYKIEKRZ ul. Kierska 1062-090 Rokietnica \u2013 Kiekrztel.: 510 [&hellip;]<\/p>\n","protected":false},"author":1,"featured_media":0,"parent":0,"menu_order":0,"comment_status":"closed","ping_status":"closed","template":"","meta":{"footnotes":""},"categories":[33],"tags":[],"class_list":["post-352","page","type-page","status-publish","hentry","category-33"],"_links":{"self":[{"href":"https:\/\/xn--80aaxusgfg.com\/index.php?rest_route=\/wp\/v2\/pages\/352","targetHints":{"allow":["GET"]}}],"collection":[{"href":"https:\/\/xn--80aaxusgfg.com\/index.php?rest_route=\/wp\/v2\/pages"}],"about":[{"href":"https:\/\/xn--80aaxusgfg.com\/index.php?rest_route=\/wp\/v2\/types\/page"}],"author":[{"embeddable":true,"href":"https:\/\/xn--80aaxusgfg.com\/index.php?rest_route=\/wp\/v2\/users\/1"}],"replies":[{"embeddable":true,"href":"https:\/\/xn--80aaxusgfg.com\/index.php?rest_route=%2Fwp%2Fv2%2Fcomments&post=352"}],"version-history":[{"count":16,"href":"https:\/\/xn--80aaxusgfg.com\/index.php?rest_route=\/wp\/v2\/pages\/352\/revisions"}],"predecessor-version":[{"id":13470,"href":"https:\/\/xn--80aaxusgfg.com\/index.php?rest_route=\/wp\/v2\/pages\/352\/revisions\/13470"}],"wp:attachment":[{"href":"https:\/\/xn--80aaxusgfg.com\/index.php?rest_route=%2Fwp%2Fv2%2Fmedia&parent=352"}],"wp:term":[{"taxonomy":"category","embeddable":true,"href":"https:\/\/xn--80aaxusgfg.com\/index.php?rest_route=%2Fwp%2Fv2%2Fcategories&post=352"},{"taxonomy":"post_tag","embeddable":true,"href":"https:\/\/xn--80aaxusgfg.com\/index.php?rest_route=%2Fwp%2Fv2%2Ftags&post=352"}],"curies":[{"name":"wp","href":"https:\/\/api.w.org\/{rel}","templated":true}]}}